{"version":"1.0","provider_name":"N\u0151nek lenni annyi, mint...","provider_url":"https:\/\/noneklenniannyimint.cafeblog.hu","author_name":"KozmaKlaudia","author_url":"https:\/\/noneklenniannyimint.cafeblog.hu\/author\/kozmaklaudia\/","title":"The next chapter","html":"<p>Jogunk van ahhoz, hogy a lehet\u0151 legjobb \u00fatra l\u00e9pj\u00fcnk, de ehhez id\u0151re van sz\u00fcks\u00e9g.\u00a0 <!--more--><\/p>\r\n<p>A Facebook oldal minden nap egy apr\u00f3 s\u00falyt helyez a v\u00e1llamra, milyen r\u00e9gen nem \u00edrtam m\u00e1r. \u00c9n pedig minden nap lel\u00f6k\u00f6m onnan, ez m\u00e1r nem ugyanaz.<\/p>\r\n<p style=\"text-align: center\"><a href=\"https:\/\/noneklenniannyimint.cafeblog.hu\/files\/2015\/09\/the-next-chapter-1-470x264.jpg\"><img class=\"alignnone wp-image-11 size-full\" src=\"https:\/\/noneklenniannyimint.cafeblog.hu\/files\/2015\/09\/the-next-chapter-1-470x264.jpg\" alt=\"\" width=\"470\" height=\"264\" \/><\/a><\/p>\r\n<p>Ez az a hely, ahol \u00e9n \u00e9n lehetek, ahol nem kell semmilyen elv\u00e1r\u00e1snak megfelelnem. \u00dagy k\u00f6zpontozok, ahogy \u00e9n akarok \u00e9s arr\u00f3l besz\u00e9lek, amir\u0151l szeretn\u00e9k. Nem kell ruh\u00e1t vennem magamra \u00e9s nem kell tekintettel lennem senkire. Mindenkinek kell egy ilyen hely. \u00c9s a L\u00e9lekTenger m\u00e1r nem az. Ez a sz\u00f3 \u00e9s az a k\u00e9t \u00e9v mindig az \u00e9letem r\u00e9sze lesz, de \u00e9n m\u00e1r nem ez vagyok.\u00a0<\/p>\r\n<p>N\u00e9h\u00e1ny napja eszembe jutott, hogy most el\u0151sz\u00f6r van olyan az \u00e9letemben, hogy nem keresek sem munk\u00e1t, sem alb\u00e9rletet. M\u00e1snak ez lehet, term\u00e9szetesen, nekem az elm\u00falt 7 \u00e9vben, legal\u00e1bb az egyik mindig kijutott. Az \u00edr\u00e1s ter\u00e9n viszont keresem a helyemet, a helyet, ahol azt \u00e9rezhetem, meg\u00e9rkeztem.<\/p>\r\n<p style=\"text-align: center\"><a href=\"https:\/\/noneklenniannyimint.cafeblog.hu\/files\/2015\/09\/unnamed-1.jpg\"><img class=\"alignnone wp-image-12 size-full\" src=\"https:\/\/noneklenniannyimint.cafeblog.hu\/files\/2015\/09\/unnamed-1.jpg\" alt=\"\" width=\"251\" height=\"335\" \/><\/a><\/p>\r\n<p>V\u00e1ltoz\u00e1s. Fontos dolgok v\u00e1ltoztak k\u00f6r\u00fcl\u00f6ttem az elm\u00falt h\u00f3napokban. Meg kell tanulni elengedni, van, hogy valami nem megy. Mondom ezt, de k\u00f6zben nem ezt \u00e9rzem. Megpr\u00f3b\u00e1ltam elengedni a blogol\u00e1st, de k\u00f6zben azok a k\u00f6nyvbemutat\u00f3s \u00e1br\u00e1ndk\u00e9pek \u00e9s azok az \u00edr\u00e1ssal t\u00f6lt\u00f6tt est\u00e9k szellemei farkasszemet n\u00e9znek velem \u00fajra \u00e9s \u00fajra. Megpr\u00f3b\u00e1ltam elengedni a fut\u00e1st, k\u00f6zben egy lehets\u00e9ges kihagyott verseny gondolata jobban bel\u00e9m marna, mint, ahogy a s\u00f3 szokta az arcomat.\u00a0<\/p>\r\n<p style=\"text-align: center\"><a href=\"https:\/\/noneklenniannyimint.cafeblog.hu\/files\/2015\/09\/wizzair.jpg\"><img class=\"alignnone wp-image-14 size-large\" src=\"https:\/\/noneklenniannyimint.cafeblog.hu\/files\/2015\/09\/wizzair-450x600.jpg\" alt=\"\" width=\"450\" height=\"600\" \/><\/a><\/p>\r\n<p>A megfelel\u0151 helyen a megfelel\u0151 id\u0151ben. Most egy kicsit minden olyan ,mint r\u00e9gen. Vas\u00e1rnap kora d\u00e9lut\u00e1n egyed\u00fcl a lila pl\u00fcss pizsam\u00e1mban az \u00e1gyban, mellettem az \u00f3ri\u00e1s Starbucks b\u00f6gr\u00e9m k\u00e1v\u00e9val tel\u00edtve, a lak\u00e1sban pedig csak a billenty\u0171zet kopog\u00e1s\u00e1t hallani. \u00c9jszaka a cip\u0151m sarka kopogott, de a roz\u00e9fr\u00f6ccs m\u00e1r nem \u00e1ztatja \u00fagy a szavakat, mint r\u00e9gen.<\/p>\r\n<p>Ha az ember \u00e9lete m\u00e1r nem csak \u00f6nmag\u00e1r\u00f3l sz\u00f3l, nagyon neh\u00e9z helyet id\u0151t tal\u00e1lnia mindenre. Reggelt\u0151l kora estig mindenki be van z\u00e1rva a j\u00f6v\u0151j\u00e9be, egy sz\u00fcks\u00e9ges bez\u00e1rts\u00e1g ez. A jelenbe kil\u00e9pve pedig kezd\u0151dik az id\u0151\u00e9rt val\u00f3 harc. Ahogy a falon a rajtsz\u00e1maim \u00e9s mellette az \u00e9rmek, egy\u00e9rtelm\u0171v\u00e9 v\u00e1lik, hogy ez nem az, amir\u0151l le tudok mondani. Ahogy m\u00e1sok mes\u00e9lik, hogy az \u0151 ismer\u0151seik mondj\u00e1k \"Te ismered a Kozma Klaudi\u00e1t? Mindig olvassuk az \u00edr\u00e1sait\" egy\u00e9rtelm\u0171v\u00e9 v\u00e1lik, hogy ez sem az, amir\u0151l le tudok mondani. T\u00fcrelem. T\u00fcrelmesnek kell lenni, \u00a0am\u00edg kialakul a hely \u00e9s az id\u0151 mindenhez.\u00a0<\/p>\r\n<p>Mert igenis jogunk van ahhoz, hogy j\u00f3 \u00faton j\u00e1rjunk \u00e9s hinn\u00fcnk kell magunkban annyira, hogy tudjuk, r\u00e1 tudunk l\u00e9pni arra az \u00fatra. Jogunk van ahhoz, hogy azzal foglalkozzunk, amivel szeretn\u00e9nk. Jogunk van ahhoz, hogy megfelel\u0151 t\u00e1rsra lelj\u00fcnk. Jogunk van ahhoz, hogy tal\u00e1ljunk valamit, amiben kiteljesedhet\u00fcnk, ami csak r\u00f3lunk sz\u00f3l. \u00c9s igen, az \u00e9let b\u00e1rmennyire is pr\u00f3b\u00e1lja az ellenkez\u0151j\u00e9t mondani, de jogunk van ahhoz, hogy mindenb\u0151l a legjobbat kapjuk.<\/p>\r\n<p>N\u0151k vagyunk, \u00e9l\u00fcnk, \u00e9rz\u00fcnk, alkotunk, sz\u00e9p\u00fcl\u00fcnk.<\/p>","type":"rich","thumbnail_url":"https:\/\/noneklenniannyimint.cafeblog.hu\/files\/2015\/09\/the-next-chapter-1-470x264-150x150.jpg","thumbnail_width":150,"thumbnail_height":150}